{"id":1630,"date":"2021-05-10T13:40:04","date_gmt":"2021-05-10T11:40:04","guid":{"rendered":"https:\/\/ptit-saint-ouen-86.fr\/?page_id=1630"},"modified":"2023-02-15T09:50:58","modified_gmt":"2023-02-15T08:50:58","slug":"expositions-dartistes","status":"publish","type":"page","link":"https:\/\/ptit-saint-ouen-86.fr\/expositions-dartistes\/","title":{"rendered":"Expositions d\u2019artistes"},"content":{"rendered":"\t\t<div data-elementor-type=\"wp-page\" data-elementor-id=\"1630\" class=\"elementor elementor-1630\" data-elementor-settings=\"[]\">\n\t\t\t\t\t\t<div class=\"elementor-inner\">\n\t\t\t\t\t\t\t<div class=\"elementor-section-wrap\">\n\t\t\t\t\t\t\t<section class=\"elementor-section elementor-top-section elementor-element elementor-element-2a050b3d elementor-section-full_width elementor-section-height-min-height elementor-section-stretched elementor-section-height-default elementor-section-items-middle\" data-id=\"2a050b3d\" data-element_type=\"section\" data-settings=\"{&quot;stretch_section&quot;:&quot;section-stretched&quot;,&quot;background_background&quot;:&quot;classic&quot;}\">\n\t\t\t\t\t\t\t<div class=\"elementor-background-overlay\"><\/div>\n\t\t\t\t\t\t\t<div class=\"elementor-container elementor-column-gap-no\">\n\t\t\t\t\t\t\t<div class=\"elementor-row\">\n\t\t\t\t\t<div class=\"elementor-column elementor-col-100 elementor-top-column elementor-element elementor-element-29211aeb\" data-id=\"29211aeb\" data-element_type=\"column\">\n\t\t\t<div class=\"elementor-column-wrap elementor-element-populated\">\n\t\t\t\t\t\t\t<div class=\"elementor-widget-wrap\">\n\t\t\t\t\t\t\t\t<\/div>\n\t\t\t\t\t<\/div>\n\t\t<\/div>\n\t\t\t\t\t\t\t\t<\/div>\n\t\t\t\t\t<\/div>\n\t\t<\/section>\n\t\t\t\t<section class=\"elementor-section elementor-top-section elementor-element elementor-element-67741fd8 elementor-section-stretched elementor-section-boxed elementor-section-height-default elementor-section-height-default\" data-id=\"67741fd8\" data-element_type=\"section\" id=\"ctn\" data-settings=\"{&quot;stretch_section&quot;:&quot;section-stretched&quot;,&quot;shape_divider_bottom&quot;:&quot;mountains&quot;,&quot;shape_divider_top&quot;:&quot;mountains&quot;}\">\n\t\t\t\t\t<div class=\"elementor-shape elementor-shape-top\" data-negative=\"false\">\n\t\t\t<svg xmlns=\"http:\/\/www.w3.org\/2000\/svg\" viewBox=\"0 0 1000 100\" preserveAspectRatio=\"none\">\n\t<path class=\"elementor-shape-fill\" opacity=\"0.33\" d=\"M473,67.3c-203.9,88.3-263.1-34-320.3,0C66,119.1,0,59.7,0,59.7V0h1000v59.7 c0,0-62.1,26.1-94.9,29.3c-32.8,3.3-62.8-12.3-75.8-22.1C806,49.6,745.3,8.7,694.9,4.7S492.4,59,473,67.3z\"\/>\n\t<path class=\"elementor-shape-fill\" opacity=\"0.66\" d=\"M734,67.3c-45.5,0-77.2-23.2-129.1-39.1c-28.6-8.7-150.3-10.1-254,39.1 s-91.7-34.4-149.2,0C115.7,118.3,0,39.8,0,39.8V0h1000v36.5c0,0-28.2-18.5-92.1-18.5C810.2,18.1,775.7,67.3,734,67.3z\"\/>\n\t<path class=\"elementor-shape-fill\" d=\"M766.1,28.9c-200-57.5-266,65.5-395.1,19.5C242,1.8,242,5.4,184.8,20.6C128,35.8,132.3,44.9,89.9,52.5C28.6,63.7,0,0,0,0 h1000c0,0-9.9,40.9-83.6,48.1S829.6,47,766.1,28.9z\"\/>\n<\/svg>\t\t<\/div>\n\t\t\t\t<div class=\"elementor-shape elementor-shape-bottom\" data-negative=\"false\">\n\t\t\t<svg xmlns=\"http:\/\/www.w3.org\/2000\/svg\" viewBox=\"0 0 1000 100\" preserveAspectRatio=\"none\">\n\t<path class=\"elementor-shape-fill\" opacity=\"0.33\" d=\"M473,67.3c-203.9,88.3-263.1-34-320.3,0C66,119.1,0,59.7,0,59.7V0h1000v59.7 c0,0-62.1,26.1-94.9,29.3c-32.8,3.3-62.8-12.3-75.8-22.1C806,49.6,745.3,8.7,694.9,4.7S492.4,59,473,67.3z\"\/>\n\t<path class=\"elementor-shape-fill\" opacity=\"0.66\" d=\"M734,67.3c-45.5,0-77.2-23.2-129.1-39.1c-28.6-8.7-150.3-10.1-254,39.1 s-91.7-34.4-149.2,0C115.7,118.3,0,39.8,0,39.8V0h1000v36.5c0,0-28.2-18.5-92.1-18.5C810.2,18.1,775.7,67.3,734,67.3z\"\/>\n\t<path class=\"elementor-shape-fill\" d=\"M766.1,28.9c-200-57.5-266,65.5-395.1,19.5C242,1.8,242,5.4,184.8,20.6C128,35.8,132.3,44.9,89.9,52.5C28.6,63.7,0,0,0,0 h1000c0,0-9.9,40.9-83.6,48.1S829.6,47,766.1,28.9z\"\/>\n<\/svg>\t\t<\/div>\n\t\t\t\t\t<div class=\"elementor-container elementor-column-gap-default\">\n\t\t\t\t\t\t\t<div class=\"elementor-row\">\n\t\t\t\t\t<div class=\"elementor-column elementor-col-100 elementor-top-column elementor-element elementor-element-5ac57d34\" data-id=\"5ac57d34\" data-element_type=\"column\">\n\t\t\t<div class=\"elementor-column-wrap elementor-element-populated\">\n\t\t\t\t\t\t\t<div class=\"elementor-widget-wrap\">\n\t\t\t\t\t\t<div class=\"elementor-element elementor-element-c0e50f3 elementor-invisible elementor-widget elementor-widget-heading\" data-id=\"c0e50f3\" data-element_type=\"widget\" id=\"h1\" data-settings=\"{&quot;_animation&quot;:&quot;fadeInDown&quot;}\" data-widget_type=\"heading.default\">\n\t\t\t\t<div class=\"elementor-widget-container\">\n\t\t\t<h1 class=\"elementor-heading-title elementor-size-default\">Exposition artistique \u00e0 Saint-Beno\u00eet<\/h1>\t\t<\/div>\n\t\t\t\t<\/div>\n\t\t\t\t<div class=\"elementor-element elementor-element-32d3ba32 elementor-widget-divider--view-line elementor-invisible elementor-widget elementor-widget-divider\" data-id=\"32d3ba32\" data-element_type=\"widget\" data-settings=\"{&quot;_animation&quot;:&quot;fadeInDown&quot;}\" data-widget_type=\"divider.default\">\n\t\t\t\t<div class=\"elementor-widget-container\">\n\t\t\t\t\t<div class=\"elementor-divider\">\n\t\t\t<span class=\"elementor-divider-separator\">\n\t\t\t\t\t\t<\/span>\n\t\t<\/div>\n\t\t\t\t<\/div>\n\t\t\t\t<\/div>\n\t\t\t\t<section class=\"elementor-section elementor-inner-section elementor-element elementor-element-c0bc757 elementor-section-boxed elementor-section-height-default elementor-section-height-default\" data-id=\"c0bc757\" data-element_type=\"section\" id=\"ctn1\">\n\t\t\t\t\t\t<div class=\"elementor-container elementor-column-gap-default\">\n\t\t\t\t\t\t\t<div class=\"elementor-row\">\n\t\t\t\t\t<div class=\"elementor-column elementor-col-100 elementor-inner-column elementor-element elementor-element-6a738fdb\" data-id=\"6a738fdb\" data-element_type=\"column\">\n\t\t\t<div class=\"elementor-column-wrap elementor-element-populated\">\n\t\t\t\t\t\t\t<div class=\"elementor-widget-wrap\">\n\t\t\t\t\t\t<div class=\"elementor-element elementor-element-1f51b0cb elementor-widget elementor-widget-text-editor\" data-id=\"1f51b0cb\" data-element_type=\"widget\" id=\"p1\" data-widget_type=\"text-editor.default\">\n\t\t\t\t<div class=\"elementor-widget-container\">\n\t\t\t\t\t\t\t\t<div class=\"elementor-text-editor elementor-clearfix\">\n\t\t\t\t<p>L\u2019art est avant tout une forme d\u2019expression adress\u00e9e au public. La mise en avant des \u0153uvres d\u2019artistes contemporains permet \u00e0 ces derniers d\u2019obtenir la visibilit\u00e9 dont ils ont besoin. \u00c0 ce titre, votre <a href=\"https:\/\/ptit-saint-ouen-86.fr\/\"><strong>d\u00e9p\u00f4t vente \u00e0 Saint-Beno\u00eet, <\/strong><\/a><span style=\"color: #000000;\">Le P\u2019tit Saint-Ouen<\/span> vous propose son service d\u2019exposition artistique destin\u00e9 \u00e0 accompagner les artistes.<\/p>\t\t\t\t\t<\/div>\n\t\t\t\t\t\t<\/div>\n\t\t\t\t<\/div>\n\t\t\t\t\t\t<\/div>\n\t\t\t\t\t<\/div>\n\t\t<\/div>\n\t\t\t\t\t\t\t\t<\/div>\n\t\t\t\t\t<\/div>\n\t\t<\/section>\n\t\t\t\t\t\t<\/div>\n\t\t\t\t\t<\/div>\n\t\t<\/div>\n\t\t\t\t\t\t\t\t<\/div>\n\t\t\t\t\t<\/div>\n\t\t<\/section>\n\t\t\t\t<section class=\"elementor-section elementor-top-section elementor-element elementor-element-61703695 elementor-section-stretched elementor-section-boxed elementor-section-height-default elementor-section-height-default\" data-id=\"61703695\" data-element_type=\"section\" id=\"ctn3\" data-settings=\"{&quot;stretch_section&quot;:&quot;section-stretched&quot;,&quot;background_motion_fx_translateY_effect&quot;:&quot;yes&quot;,&quot;background_motion_fx_translateY_direction&quot;:&quot;negative&quot;,&quot;background_motion_fx_translateY_speed&quot;:{&quot;unit&quot;:&quot;px&quot;,&quot;size&quot;:6,&quot;sizes&quot;:[]},&quot;background_motion_fx_translateY_affectedRange&quot;:{&quot;unit&quot;:&quot;%&quot;,&quot;size&quot;:&quot;&quot;,&quot;sizes&quot;:{&quot;start&quot;:0,&quot;end&quot;:100}},&quot;background_motion_fx_devices&quot;:[&quot;desktop&quot;,&quot;tablet&quot;,&quot;mobile&quot;]}\">\n\t\t\t\t\t\t<div class=\"elementor-container elementor-column-gap-default\">\n\t\t\t\t\t\t\t<div class=\"elementor-row\">\n\t\t\t\t\t<div class=\"elementor-column elementor-col-50 elementor-top-column elementor-element elementor-element-32a25a0d\" data-id=\"32a25a0d\" data-element_type=\"column\">\n\t\t\t<div class=\"elementor-column-wrap elementor-element-populated\">\n\t\t\t\t\t\t\t<div class=\"elementor-widget-wrap\">\n\t\t\t\t\t\t<div class=\"elementor-element elementor-element-1324299f elementor-widget elementor-widget-image\" data-id=\"1324299f\" data-element_type=\"widget\" data-settings=\"{&quot;motion_fx_motion_fx_scrolling&quot;:&quot;yes&quot;,&quot;motion_fx_translateY_effect&quot;:&quot;yes&quot;,&quot;motion_fx_translateY_direction&quot;:&quot;negative&quot;,&quot;motion_fx_translateY_speed&quot;:{&quot;unit&quot;:&quot;px&quot;,&quot;size&quot;:&quot;1&quot;,&quot;sizes&quot;:[]},&quot;motion_fx_translateY_affectedRange&quot;:{&quot;unit&quot;:&quot;%&quot;,&quot;size&quot;:&quot;&quot;,&quot;sizes&quot;:{&quot;start&quot;:0,&quot;end&quot;:100}},&quot;motion_fx_devices&quot;:[&quot;desktop&quot;,&quot;tablet&quot;,&quot;mobile&quot;]}\" data-widget_type=\"image.default\">\n\t\t\t\t<div class=\"elementor-widget-container\">\n\t\t\t\t\t\t\t\t<div class=\"elementor-image\">\n\t\t\t\t\t\t\t\t\t\t\t\t<img width=\"2560\" height=\"1920\" src=\"https:\/\/ptit-saint-ouen-86.fr\/wp-content\/uploads\/2021\/05\/20210219_172613-scaled.jpg\" class=\"elementor-animation-bob attachment-full size-full\" alt=\"Exposition artistique \u00e0 Saint-Beno\u00eet\" srcset=\"https:\/\/ptit-saint-ouen-86.fr\/wp-content\/uploads\/2021\/05\/20210219_172613-scaled.jpg 2560w, https:\/\/ptit-saint-ouen-86.fr\/wp-content\/uploads\/2021\/05\/20210219_172613-scaled-600x450.jpg 600w, https:\/\/ptit-saint-ouen-86.fr\/wp-content\/uploads\/2021\/05\/20210219_172613-300x225.jpg 300w, https:\/\/ptit-saint-ouen-86.fr\/wp-content\/uploads\/2021\/05\/20210219_172613-1024x768.jpg 1024w, https:\/\/ptit-saint-ouen-86.fr\/wp-content\/uploads\/2021\/05\/20210219_172613-768x576.jpg 768w, https:\/\/ptit-saint-ouen-86.fr\/wp-content\/uploads\/2021\/05\/20210219_172613-1536x1152.jpg 1536w, https:\/\/ptit-saint-ouen-86.fr\/wp-content\/uploads\/2021\/05\/20210219_172613-2048x1536.jpg 2048w, https:\/\/ptit-saint-ouen-86.fr\/wp-content\/uploads\/2021\/05\/20210219_172613-1320x990.jpg 1320w\" sizes=\"(max-width: 2560px) 100vw, 2560px\" \/>\t\t\t\t\t\t\t\t\t\t\t\t\t\t<\/div>\n\t\t\t\t\t\t<\/div>\n\t\t\t\t<\/div>\n\t\t\t\t\t\t<\/div>\n\t\t\t\t\t<\/div>\n\t\t<\/div>\n\t\t\t\t<div class=\"elementor-column elementor-col-50 elementor-top-column elementor-element elementor-element-6f2b18f3\" data-id=\"6f2b18f3\" data-element_type=\"column\">\n\t\t\t<div class=\"elementor-column-wrap elementor-element-populated\">\n\t\t\t\t\t\t\t<div class=\"elementor-widget-wrap\">\n\t\t\t\t\t\t<div class=\"elementor-element elementor-element-33f64c94 elementor-invisible elementor-widget elementor-widget-heading\" data-id=\"33f64c94\" data-element_type=\"widget\" id=\"h2\" data-settings=\"{&quot;_animation&quot;:&quot;fadeInDown&quot;}\" data-widget_type=\"heading.default\">\n\t\t\t\t<div class=\"elementor-widget-container\">\n\t\t\t<h2 class=\"elementor-heading-title elementor-size-default\">Exposition d\u2019\u0153uvres d\u2019art<\/h2>\t\t<\/div>\n\t\t\t\t<\/div>\n\t\t\t\t<div class=\"elementor-element elementor-element-fe5e854 elementor-widget elementor-widget-text-editor\" data-id=\"fe5e854\" data-element_type=\"widget\" id=\"p1\" data-widget_type=\"text-editor.default\">\n\t\t\t\t<div class=\"elementor-widget-container\">\n\t\t\t\t\t\t\t\t<div class=\"elementor-text-editor elementor-clearfix\">\n\t\t\t\t<p>Le P\u2019tit Saint-Ouen des Particuliers offre une v\u00e9ritable vitrine d\u2019exposition aux artistes d\u00e9sireux de faire conna\u00eetre leurs travaux au public. Dans une galerie sp\u00e9cialement am\u00e9nag\u00e9e \u00e0 cet effet, il pr\u00e9sente vos collections sans limite de temps. Cette exposition permanente permet au public de d\u00e9couvrir vos \u0153uvres et de se familiariser avec votre univers.<br \/>\u00c0 l\u2019instar de la <span style=\"color: #dc7621;\"><strong><a href=\"https:\/\/ptit-saint-ouen-86.fr\/location-despace\/\" title=\"Location d\u2019espace\" style=\"color: #dc7621;\">location d\u2019espace<\/a><\/strong><\/span>, l\u2019exposition artistique de votre magasin d\u2019occasion s\u2019effectue en fonction de vos besoins. Un premier contact avec l\u2019\u00e9quipe de cette structure vous permet de fixer les modalit\u00e9s de mise en avant de vos \u0153uvres. Votre exposition d\u2019art est organis\u00e9e par des sp\u00e9cialistes pour un rendu optimal.<\/p>\t\t\t\t\t<\/div>\n\t\t\t\t\t\t<\/div>\n\t\t\t\t<\/div>\n\t\t\t\t\t\t<\/div>\n\t\t\t\t\t<\/div>\n\t\t<\/div>\n\t\t\t\t\t\t\t\t<\/div>\n\t\t\t\t\t<\/div>\n\t\t<\/section>\n\t\t\t\t<section class=\"elementor-section elementor-top-section elementor-element elementor-element-71a96f7b elementor-section-stretched elementor-reverse-tablet elementor-reverse-mobile elementor-section-boxed elementor-section-height-default elementor-section-height-default\" data-id=\"71a96f7b\" data-element_type=\"section\" data-settings=\"{&quot;stretch_section&quot;:&quot;section-stretched&quot;,&quot;background_motion_fx_translateY_effect&quot;:&quot;yes&quot;,&quot;background_motion_fx_translateY_direction&quot;:&quot;negative&quot;,&quot;background_motion_fx_translateY_speed&quot;:{&quot;unit&quot;:&quot;px&quot;,&quot;size&quot;:6,&quot;sizes&quot;:[]},&quot;background_motion_fx_translateY_affectedRange&quot;:{&quot;unit&quot;:&quot;%&quot;,&quot;size&quot;:&quot;&quot;,&quot;sizes&quot;:{&quot;start&quot;:0,&quot;end&quot;:100}},&quot;background_motion_fx_devices&quot;:[&quot;desktop&quot;,&quot;tablet&quot;,&quot;mobile&quot;]}\">\n\t\t\t\t\t\t<div class=\"elementor-container elementor-column-gap-default\">\n\t\t\t\t\t\t\t<div class=\"elementor-row\">\n\t\t\t\t\t<div class=\"elementor-column elementor-col-50 elementor-top-column elementor-element elementor-element-2aa0ff1f\" data-id=\"2aa0ff1f\" data-element_type=\"column\">\n\t\t\t<div class=\"elementor-column-wrap elementor-element-populated\">\n\t\t\t\t\t\t\t<div class=\"elementor-widget-wrap\">\n\t\t\t\t\t\t<div class=\"elementor-element elementor-element-69840ab elementor-widget elementor-widget-text-editor\" data-id=\"69840ab\" data-element_type=\"widget\" data-widget_type=\"text-editor.default\">\n\t\t\t\t<div class=\"elementor-widget-container\">\n\t\t\t\t\t\t\t\t<div class=\"elementor-text-editor elementor-clearfix\">\n\t\t\t\t<p>Vous pouvez contacter Le P\u2019tit Saint-Ouen pour r\u00e9aliser une exposition\/vente de sculptures, de peintures, de dessins ou de photographie. La structure dispose du savoir-faire et des installations requis pour assurer la conservation et la protection de vos \u0153uvres. Elle m\u00e8ne \u00e9galement les n\u00e9gociations de vente en votre nom pour garantir une transaction r\u00e9ussie.<br \/>L\u2019exposition d&#8217;artistes propos\u00e9e par ce magasin de brocante ne se limite pas \u00e0 la valorisation et \u00e0 la vente d\u2019\u0153uvres artistiques. Le P\u2019tit Saint-Ouen met \u00e9galement \u00e0 votre disposition une salle de cours pour des ateliers manuels et interactifs.<br \/>\u00c0 l\u2019issue de votre p\u00e9riode d\u2019exposition d\u2019\u0153uvre d\u2019art, vous obtiendrez les gains li\u00e9s \u00e0 vos ventes apr\u00e8s une d\u00e9duction forfaitaire. Vous pourrez ainsi confier de nouvelles collections \u00e0 cet \u00e9tablissement pour accro\u00eetre la visibilit\u00e9 de vos \u0153uvres.<\/p>\t\t\t\t\t<\/div>\n\t\t\t\t\t\t<\/div>\n\t\t\t\t<\/div>\n\t\t\t\t\t\t<\/div>\n\t\t\t\t\t<\/div>\n\t\t<\/div>\n\t\t\t\t<div class=\"elementor-column elementor-col-50 elementor-top-column elementor-element elementor-element-28bd3899\" data-id=\"28bd3899\" data-element_type=\"column\">\n\t\t\t<div class=\"elementor-column-wrap elementor-element-populated\">\n\t\t\t\t\t\t\t<div class=\"elementor-widget-wrap\">\n\t\t\t\t\t\t<div class=\"elementor-element elementor-element-42276b52 elementor-widget elementor-widget-image\" data-id=\"42276b52\" data-element_type=\"widget\" data-settings=\"{&quot;motion_fx_motion_fx_scrolling&quot;:&quot;yes&quot;,&quot;motion_fx_translateY_effect&quot;:&quot;yes&quot;,&quot;motion_fx_translateY_direction&quot;:&quot;negative&quot;,&quot;motion_fx_translateY_speed&quot;:{&quot;unit&quot;:&quot;px&quot;,&quot;size&quot;:&quot;1&quot;,&quot;sizes&quot;:[]},&quot;motion_fx_translateY_affectedRange&quot;:{&quot;unit&quot;:&quot;%&quot;,&quot;size&quot;:&quot;&quot;,&quot;sizes&quot;:{&quot;start&quot;:0,&quot;end&quot;:100}},&quot;motion_fx_devices&quot;:[&quot;desktop&quot;,&quot;tablet&quot;,&quot;mobile&quot;]}\" data-widget_type=\"image.default\">\n\t\t\t\t<div class=\"elementor-widget-container\">\n\t\t\t\t\t\t\t\t<div class=\"elementor-image\">\n\t\t\t\t\t\t\t\t\t\t\t\t<img width=\"2560\" height=\"1920\" src=\"https:\/\/ptit-saint-ouen-86.fr\/wp-content\/uploads\/2021\/05\/20210304_164102-scaled.jpg\" class=\"elementor-animation-bob attachment-full size-full\" alt=\"Exposition artistique \u00e0 Saint-Beno\u00eet\" srcset=\"https:\/\/ptit-saint-ouen-86.fr\/wp-content\/uploads\/2021\/05\/20210304_164102-scaled.jpg 2560w, https:\/\/ptit-saint-ouen-86.fr\/wp-content\/uploads\/2021\/05\/20210304_164102-scaled-600x450.jpg 600w, https:\/\/ptit-saint-ouen-86.fr\/wp-content\/uploads\/2021\/05\/20210304_164102-300x225.jpg 300w, https:\/\/ptit-saint-ouen-86.fr\/wp-content\/uploads\/2021\/05\/20210304_164102-1024x768.jpg 1024w, https:\/\/ptit-saint-ouen-86.fr\/wp-content\/uploads\/2021\/05\/20210304_164102-768x576.jpg 768w, https:\/\/ptit-saint-ouen-86.fr\/wp-content\/uploads\/2021\/05\/20210304_164102-1536x1152.jpg 1536w, https:\/\/ptit-saint-ouen-86.fr\/wp-content\/uploads\/2021\/05\/20210304_164102-2048x1536.jpg 2048w, https:\/\/ptit-saint-ouen-86.fr\/wp-content\/uploads\/2021\/05\/20210304_164102-1320x990.jpg 1320w\" sizes=\"(max-width: 2560px) 100vw, 2560px\" \/>\t\t\t\t\t\t\t\t\t\t\t\t\t\t<\/div>\n\t\t\t\t\t\t<\/div>\n\t\t\t\t<\/div>\n\t\t\t\t\t\t<\/div>\n\t\t\t\t\t<\/div>\n\t\t<\/div>\n\t\t\t\t\t\t\t\t<\/div>\n\t\t\t\t\t<\/div>\n\t\t<\/section>\n\t\t\t\t<section class=\"elementor-section elementor-top-section elementor-element elementor-element-41cfc294 elementor-section-stretched elementor-section-boxed elementor-section-height-default elementor-section-height-default\" data-id=\"41cfc294\" data-element_type=\"section\" data-settings=\"{&quot;stretch_section&quot;:&quot;section-stretched&quot;}\">\n\t\t\t\t\t\t<div class=\"elementor-container elementor-column-gap-default\">\n\t\t\t\t\t\t\t<div class=\"elementor-row\">\n\t\t\t\t\t<div class=\"elementor-column elementor-col-100 elementor-top-column elementor-element elementor-element-450159ef\" data-id=\"450159ef\" data-element_type=\"column\">\n\t\t\t<div class=\"elementor-column-wrap elementor-element-populated\">\n\t\t\t\t\t\t\t<div class=\"elementor-widget-wrap\">\n\t\t\t\t\t\t<div class=\"elementor-element elementor-element-196f1014 elementor-widget-divider--view-line elementor-invisible elementor-widget elementor-widget-divider\" data-id=\"196f1014\" data-element_type=\"widget\" data-settings=\"{&quot;_animation&quot;:&quot;fadeInDown&quot;}\" data-widget_type=\"divider.default\">\n\t\t\t\t<div class=\"elementor-widget-container\">\n\t\t\t\t\t<div class=\"elementor-divider\">\n\t\t\t<span class=\"elementor-divider-separator\">\n\t\t\t\t\t\t<\/span>\n\t\t<\/div>\n\t\t\t\t<\/div>\n\t\t\t\t<\/div>\n\t\t\t\t<div class=\"elementor-element elementor-element-615bc724 elementor-widget elementor-widget-text-editor\" data-id=\"615bc724\" data-element_type=\"widget\" id=\"p1\" data-widget_type=\"text-editor.default\">\n\t\t\t\t<div class=\"elementor-widget-container\">\n\t\t\t\t\t\t\t\t<div class=\"elementor-text-editor elementor-clearfix\">\n\t\t\t\tN\u2019h\u00e9sitez pas \u00e0 <span style=\"color: #dc7621;\"><strong><a href=\"https:\/\/ptit-saint-ouen-86.fr\/contact\/\" title=\"Contact\" style=\"color: #dc7621;\">contacter<\/a><\/strong><\/span> Le P\u2019tit Saint-Ouen au <span style=\"color: #dc7621;\"><strong><a href=\"tel:0549373916\" target=\"_blank\" style=\"color: #dc7621;\" rel=\"noopener\">05 49 37 39 16<\/a><\/strong><\/span> <br>pour profiter de l\u2019exposition artistique qu\u2019il met \u00e0 votre disposition.\n\t\t\t\t\t<\/div>\n\t\t\t\t\t\t<\/div>\n\t\t\t\t<\/div>\n\t\t\t\t\t\t<\/div>\n\t\t\t\t\t<\/div>\n\t\t<\/div>\n\t\t\t\t\t\t\t\t<\/div>\n\t\t\t\t\t<\/div>\n\t\t<\/section>\n\t\t\t\t\t\t<\/div>\n\t\t\t\t\t\t<\/div>\n\t\t\t\t\t<\/div>\n\t\t","protected":false},"excerpt":{"rendered":"<p>Exposition artistique \u00e0 Saint-Beno\u00eet L\u2019art est avant tout une forme d\u2019expression adress\u00e9e au public. La mise en avant des \u0153uvres d\u2019artistes contemporains permet \u00e0 ces derniers d\u2019obtenir la visibilit\u00e9 dont ils ont besoin. \u00c0 ce titre, votre d\u00e9p\u00f4t vente \u00e0 Saint-Beno\u00eet, Le P\u2019tit Saint-Ouen vous propose son service d\u2019exposition artistique [&hellip;]<\/p>\n","protected":false},"author":27,"featured_media":0,"parent":0,"menu_order":0,"comment_status":"closed","ping_status":"closed","template":"elementor_header_footer","meta":[],"acf":[],"aioseo_notices":[],"_links":{"self":[{"href":"https:\/\/ptit-saint-ouen-86.fr\/nov-apijson\/wp\/v2\/pages\/1630"}],"collection":[{"href":"https:\/\/ptit-saint-ouen-86.fr\/nov-apijson\/wp\/v2\/pages"}],"about":[{"href":"https:\/\/ptit-saint-ouen-86.fr\/nov-apijson\/wp\/v2\/types\/page"}],"author":[{"embeddable":true,"href":"https:\/\/ptit-saint-ouen-86.fr\/nov-apijson\/wp\/v2\/users\/27"}],"replies":[{"embeddable":true,"href":"https:\/\/ptit-saint-ouen-86.fr\/nov-apijson\/wp\/v2\/comments?post=1630"}],"version-history":[{"count":30,"href":"https:\/\/ptit-saint-ouen-86.fr\/nov-apijson\/wp\/v2\/pages\/1630\/revisions"}],"predecessor-version":[{"id":2314,"href":"https:\/\/ptit-saint-ouen-86.fr\/nov-apijson\/wp\/v2\/pages\/1630\/revisions\/2314"}],"wp:attachment":[{"href":"https:\/\/ptit-saint-ouen-86.fr\/nov-apijson\/wp\/v2\/media?parent=1630"}],"curies":[{"name":"wp","href":"https:\/\/api.w.org\/{rel}","templated":true}]}}